{"id":22,"date":"2019-06-11T19:15:46","date_gmt":"2019-06-11T19:15:46","guid":{"rendered":"http:\/\/geschichte.wyhl-heimatverein.de\/?page_id=22"},"modified":"2026-04-28T05:56:02","modified_gmt":"2026-04-28T05:56:02","slug":"aktuelles","status":"publish","type":"page","link":"https:\/\/www.heimatverein-wyhl.de\/?page_id=22","title":{"rendered":"Aktuelles"},"content":{"rendered":"\r\n<h4><span style=\"color: #000000;\">Termine \/ aktuelles:<\/span><\/h4>\r\n<p><strong>Heimatmuseum \u2013 ge\u00e4nderte \u00d6ffnungszeiten im Mai<\/strong><\/p>\r\n<p>Am ersten Sonntag im Mai bleibt das Heimatmuseum geschlossen.<\/p>\r\n<p data-start=\"137\" data-end=\"300\"><strong>Wir sind dabei!<\/strong><br data-start=\"152\" data-end=\"155\">An beiden Festtagen hat das <strong>Heimatmuseum von 11:00 bis 18:00 Uhr ge\u00f6ffnet<\/strong>.<br data-start=\"229\" data-end=\"232\">Freut euch auf die Fotoausstellung \u201eMenschen \u2013 Orte \u2013 Erinnerungen\u201c!<\/p>\r\n<p data-start=\"302\" data-end=\"412\"><strong>Macht mit:<\/strong> <br>Wenn ihr jemanden entdeckt, schreibt eure Erinnerung in unsere bereitliegenden Erinnerungsb\u00fcchlein.<\/p>\r\n<p data-start=\"414\" data-end=\"438\"><strong>Wir freuen uns auf euch!<\/strong><\/p>\r\n<p>Euer Heimatverein Wyhl e.V.<\/p>\r\n<p>&nbsp;<\/p>\r\n<p data-wp-editing=\"1\"><a href=\"http:\/\/www.heimatverein-wyhl.de\/wp-content\/uploads\/2026\/04\/JubiApril2026-scaled.jpg\"><img loading=\"lazy\" decoding=\"async\" class=\"wp-image-975 alignnone\" src=\"http:\/\/www.heimatverein-wyhl.de\/wp-content\/uploads\/2026\/04\/JubiApril2026-169x300.jpg\" alt=\"\" width=\"251\" height=\"446\" srcset=\"https:\/\/www.heimatverein-wyhl.de\/wp-content\/uploads\/2026\/04\/JubiApril2026-169x300.jpg 169w, https:\/\/www.heimatverein-wyhl.de\/wp-content\/uploads\/2026\/04\/JubiApril2026-576x1024.jpg 576w, https:\/\/www.heimatverein-wyhl.de\/wp-content\/uploads\/2026\/04\/JubiApril2026-768x1365.jpg 768w, https:\/\/www.heimatverein-wyhl.de\/wp-content\/uploads\/2026\/04\/JubiApril2026-864x1536.jpg 864w, https:\/\/www.heimatverein-wyhl.de\/wp-content\/uploads\/2026\/04\/JubiApril2026-1152x2048.jpg 1152w, https:\/\/www.heimatverein-wyhl.de\/wp-content\/uploads\/2026\/04\/JubiApril2026-scaled.jpg 1440w\" sizes=\"auto, (max-width: 251px) 100vw, 251px\" \/><\/a><a href=\"http:\/\/www.heimatverein-wyhl.de\/wp-content\/uploads\/2026\/04\/Plakat.png\"><img loading=\"lazy\" decoding=\"async\" class=\"alignnone wp-image-961\" src=\"http:\/\/www.heimatverein-wyhl.de\/wp-content\/uploads\/2026\/04\/Plakat-255x300.png\" alt=\"\" width=\"380\" height=\"447\" srcset=\"https:\/\/www.heimatverein-wyhl.de\/wp-content\/uploads\/2026\/04\/Plakat-255x300.png 255w, https:\/\/www.heimatverein-wyhl.de\/wp-content\/uploads\/2026\/04\/Plakat.png 355w\" sizes=\"auto, (max-width: 380px) 100vw, 380px\" \/><\/a><\/p>\r\n<p>______________________________________________________________________________<\/p>\r\n<p><strong>Impressionen unseres Jubil\u00e4ums am Sonntag, 19.04.2026<\/strong><\/p>\r\n<p data-start=\"86\" data-end=\"337\">Anl\u00e4sslich unseres 40-j\u00e4hrigen Jubil\u00e4ums durften wir die Mitglieder der ersten Stunde zu einem gemeinsamen Mittagessen einladen. Es hat uns sehr gefreut, dass so viele unserer Einladung gefolgt sind und diesen besonderen Anlass mit uns gefeiert haben. In der \u201eAlten Schule\u201c wurden unsere G\u00e4ste zun\u00e4chst mit einem Glas Sekt herzlich begr\u00fc\u00dft. In geselliger Runde gab es anschlie\u00dfend das traditionelle \u201eWyhleressen\u201c mit Nudelsuppe und Rindfleisch, das bei allen gro\u00dfen Anklang fand.<\/p>\r\n<p data-start=\"86\" data-end=\"337\"><br><a href=\"http:\/\/www.heimatverein-wyhl.de\/wp-content\/uploads\/2026\/04\/IMG_0378-scaled.jpeg\"><img loading=\"lazy\" decoding=\"async\" class=\"wp-image-1001 alignleft\" src=\"http:\/\/www.heimatverein-wyhl.de\/wp-content\/uploads\/2026\/04\/IMG_0378-225x300.jpeg\" alt=\"\" width=\"168\" height=\"224\" srcset=\"https:\/\/www.heimatverein-wyhl.de\/wp-content\/uploads\/2026\/04\/IMG_0378-225x300.jpeg 225w, https:\/\/www.heimatverein-wyhl.de\/wp-content\/uploads\/2026\/04\/IMG_0378-768x1024.jpeg 768w, https:\/\/www.heimatverein-wyhl.de\/wp-content\/uploads\/2026\/04\/IMG_0378-1152x1536.jpeg 1152w, https:\/\/www.heimatverein-wyhl.de\/wp-content\/uploads\/2026\/04\/IMG_0378-1536x2048.jpeg 1536w, https:\/\/www.heimatverein-wyhl.de\/wp-content\/uploads\/2026\/04\/IMG_0378-scaled.jpeg 1920w\" sizes=\"auto, (max-width: 168px) 100vw, 168px\" \/><\/a><img loading=\"lazy\" decoding=\"async\" class=\"wp-image-996 alignleft\" src=\"http:\/\/www.heimatverein-wyhl.de\/wp-content\/uploads\/2026\/04\/IMG_0433-200x300.jpeg\" alt=\"\" width=\"153\" height=\"230\" srcset=\"https:\/\/www.heimatverein-wyhl.de\/wp-content\/uploads\/2026\/04\/IMG_0433-200x300.jpeg 200w, https:\/\/www.heimatverein-wyhl.de\/wp-content\/uploads\/2026\/04\/IMG_0433-683x1024.jpeg 683w, https:\/\/www.heimatverein-wyhl.de\/wp-content\/uploads\/2026\/04\/IMG_0433-768x1152.jpeg 768w, https:\/\/www.heimatverein-wyhl.de\/wp-content\/uploads\/2026\/04\/IMG_0433-1024x1536.jpeg 1024w, https:\/\/www.heimatverein-wyhl.de\/wp-content\/uploads\/2026\/04\/IMG_0433-1365x2048.jpeg 1365w, https:\/\/www.heimatverein-wyhl.de\/wp-content\/uploads\/2026\/04\/IMG_0433-scaled.jpeg 1706w\" sizes=\"auto, (max-width: 153px) 100vw, 153px\" \/><\/p>\r\n<p><a href=\"http:\/\/www.heimatverein-wyhl.de\/wp-content\/uploads\/2026\/04\/IMG_0432-scaled.jpeg\"><img loading=\"lazy\" decoding=\"async\" class=\"wp-image-993 alignleft\" src=\"http:\/\/www.heimatverein-wyhl.de\/wp-content\/uploads\/2026\/04\/IMG_0432-200x300.jpeg\" alt=\"\" width=\"152\" height=\"228\" srcset=\"https:\/\/www.heimatverein-wyhl.de\/wp-content\/uploads\/2026\/04\/IMG_0432-200x300.jpeg 200w, https:\/\/www.heimatverein-wyhl.de\/wp-content\/uploads\/2026\/04\/IMG_0432-683x1024.jpeg 683w, https:\/\/www.heimatverein-wyhl.de\/wp-content\/uploads\/2026\/04\/IMG_0432-768x1152.jpeg 768w, https:\/\/www.heimatverein-wyhl.de\/wp-content\/uploads\/2026\/04\/IMG_0432-1024x1536.jpeg 1024w, https:\/\/www.heimatverein-wyhl.de\/wp-content\/uploads\/2026\/04\/IMG_0432-1365x2048.jpeg 1365w, https:\/\/www.heimatverein-wyhl.de\/wp-content\/uploads\/2026\/04\/IMG_0432-scaled.jpeg 1706w\" sizes=\"auto, (max-width: 152px) 100vw, 152px\" \/><\/a><a href=\"http:\/\/www.heimatverein-wyhl.de\/wp-content\/uploads\/2026\/04\/IMG_0421-scaled.jpeg\"><img loading=\"lazy\" decoding=\"async\" class=\"wp-image-991 alignleft\" src=\"http:\/\/www.heimatverein-wyhl.de\/wp-content\/uploads\/2026\/04\/IMG_0421-200x300.jpeg\" alt=\"\" width=\"152\" height=\"229\" srcset=\"https:\/\/www.heimatverein-wyhl.de\/wp-content\/uploads\/2026\/04\/IMG_0421-200x300.jpeg 200w, https:\/\/www.heimatverein-wyhl.de\/wp-content\/uploads\/2026\/04\/IMG_0421-683x1024.jpeg 683w, https:\/\/www.heimatverein-wyhl.de\/wp-content\/uploads\/2026\/04\/IMG_0421-768x1152.jpeg 768w, https:\/\/www.heimatverein-wyhl.de\/wp-content\/uploads\/2026\/04\/IMG_0421-1024x1536.jpeg 1024w, https:\/\/www.heimatverein-wyhl.de\/wp-content\/uploads\/2026\/04\/IMG_0421-1365x2048.jpeg 1365w, https:\/\/www.heimatverein-wyhl.de\/wp-content\/uploads\/2026\/04\/IMG_0421-scaled.jpeg 1706w\" sizes=\"auto, (max-width: 152px) 100vw, 152px\" \/><\/a><\/p>\r\n<p><a href=\"http:\/\/www.heimatverein-wyhl.de\/wp-content\/uploads\/2026\/04\/IMG_0429-scaled.jpeg\"><img loading=\"lazy\" decoding=\"async\" class=\"wp-image-990 alignleft\" src=\"http:\/\/www.heimatverein-wyhl.de\/wp-content\/uploads\/2026\/04\/IMG_0429-200x300.jpeg\" alt=\"\" width=\"153\" height=\"230\" srcset=\"https:\/\/www.heimatverein-wyhl.de\/wp-content\/uploads\/2026\/04\/IMG_0429-200x300.jpeg 200w, https:\/\/www.heimatverein-wyhl.de\/wp-content\/uploads\/2026\/04\/IMG_0429-683x1024.jpeg 683w, https:\/\/www.heimatverein-wyhl.de\/wp-content\/uploads\/2026\/04\/IMG_0429-768x1152.jpeg 768w, https:\/\/www.heimatverein-wyhl.de\/wp-content\/uploads\/2026\/04\/IMG_0429-1024x1536.jpeg 1024w, https:\/\/www.heimatverein-wyhl.de\/wp-content\/uploads\/2026\/04\/IMG_0429-1365x2048.jpeg 1365w, https:\/\/www.heimatverein-wyhl.de\/wp-content\/uploads\/2026\/04\/IMG_0429-scaled.jpeg 1707w\" sizes=\"auto, (max-width: 153px) 100vw, 153px\" \/><\/a><\/p>\r\n<p><img loading=\"lazy\" decoding=\"async\" class=\"wp-image-995 alignleft\" style=\"color: #0000ee;\" src=\"http:\/\/www.heimatverein-wyhl.de\/wp-content\/uploads\/2026\/04\/IMG_0431-200x300.jpeg\" alt=\"\" width=\"153\" height=\"230\" srcset=\"https:\/\/www.heimatverein-wyhl.de\/wp-content\/uploads\/2026\/04\/IMG_0431-200x300.jpeg 200w, https:\/\/www.heimatverein-wyhl.de\/wp-content\/uploads\/2026\/04\/IMG_0431-683x1024.jpeg 683w, https:\/\/www.heimatverein-wyhl.de\/wp-content\/uploads\/2026\/04\/IMG_0431-768x1152.jpeg 768w, https:\/\/www.heimatverein-wyhl.de\/wp-content\/uploads\/2026\/04\/IMG_0431-1024x1536.jpeg 1024w, https:\/\/www.heimatverein-wyhl.de\/wp-content\/uploads\/2026\/04\/IMG_0431-1365x2048.jpeg 1365w, https:\/\/www.heimatverein-wyhl.de\/wp-content\/uploads\/2026\/04\/IMG_0431-scaled.jpeg 1706w\" sizes=\"auto, (max-width: 153px) 100vw, 153px\" \/><\/p>\r\n<p>&nbsp;<\/p>\r\n<p>&nbsp;<\/p>\r\n<p>&nbsp;<\/p>\r\n<p>&nbsp;<\/p>\r\n<p>&nbsp;<\/p>\r\n<p>&nbsp;<\/p>\r\n<p>&nbsp;<\/p>\r\n<p><a href=\"http:\/\/www.heimatverein-wyhl.de\/wp-content\/uploads\/2026\/04\/IMG_0375-Copy-scaled.jpeg\"><img loading=\"lazy\" decoding=\"async\" class=\"size-medium wp-image-1005 alignleft\" src=\"http:\/\/www.heimatverein-wyhl.de\/wp-content\/uploads\/2026\/04\/IMG_0375-Copy-300x183.jpeg\" alt=\"\" width=\"300\" height=\"183\" srcset=\"https:\/\/www.heimatverein-wyhl.de\/wp-content\/uploads\/2026\/04\/IMG_0375-Copy-300x183.jpeg 300w, https:\/\/www.heimatverein-wyhl.de\/wp-content\/uploads\/2026\/04\/IMG_0375-Copy-1024x625.jpeg 1024w, https:\/\/www.heimatverein-wyhl.de\/wp-content\/uploads\/2026\/04\/IMG_0375-Copy-768x469.jpeg 768w, https:\/\/www.heimatverein-wyhl.de\/wp-content\/uploads\/2026\/04\/IMG_0375-Copy-1536x938.jpeg 1536w, https:\/\/www.heimatverein-wyhl.de\/wp-content\/uploads\/2026\/04\/IMG_0375-Copy-2048x1251.jpeg 2048w\" sizes=\"auto, (max-width: 300px) 100vw, 300px\" \/><\/a><a href=\"http:\/\/www.heimatverein-wyhl.de\/wp-content\/uploads\/2026\/04\/IMG_0430-scaled.jpeg\"><img loading=\"lazy\" decoding=\"async\" class=\"size-medium wp-image-989 alignleft\" src=\"http:\/\/www.heimatverein-wyhl.de\/wp-content\/uploads\/2026\/04\/IMG_0430-182x300.jpeg\" alt=\"\" width=\"182\" height=\"300\" srcset=\"https:\/\/www.heimatverein-wyhl.de\/wp-content\/uploads\/2026\/04\/IMG_0430-182x300.jpeg 182w, https:\/\/www.heimatverein-wyhl.de\/wp-content\/uploads\/2026\/04\/IMG_0430-620x1024.jpeg 620w, https:\/\/www.heimatverein-wyhl.de\/wp-content\/uploads\/2026\/04\/IMG_0430-768x1269.jpeg 768w, https:\/\/www.heimatverein-wyhl.de\/wp-content\/uploads\/2026\/04\/IMG_0430-929x1536.jpeg 929w, https:\/\/www.heimatverein-wyhl.de\/wp-content\/uploads\/2026\/04\/IMG_0430-1239x2048.jpeg 1239w, https:\/\/www.heimatverein-wyhl.de\/wp-content\/uploads\/2026\/04\/IMG_0430-scaled.jpeg 1549w\" sizes=\"auto, (max-width: 182px) 100vw, 182px\" \/><\/a><\/p>\r\n<p>&nbsp;<\/p>\r\n<p data-start=\"561\" data-end=\"732\">&nbsp;<\/p>\r\n<p data-start=\"561\" data-end=\"732\">&nbsp;<\/p>\r\n<p data-start=\"561\" data-end=\"732\">&nbsp;<\/p>\r\n<p data-start=\"561\" data-end=\"732\">&nbsp;<\/p>\r\n<p data-start=\"561\" data-end=\"732\">&nbsp;<\/p>\r\n<p data-start=\"561\" data-end=\"732\">&nbsp;<\/p>\r\n<p data-start=\"561\" data-end=\"732\">&nbsp;<\/p>\r\n<p data-start=\"561\" data-end=\"732\">&nbsp;<\/p>\r\n<p data-start=\"561\" data-end=\"732\">&nbsp;<\/p>\r\n<p data-start=\"561\" data-end=\"732\">&nbsp;<\/p>\r\n<p data-start=\"561\" data-end=\"732\">&nbsp;<\/p>\r\n<p data-start=\"561\" data-end=\"732\">&nbsp;<\/p>\r\n<p data-start=\"561\" data-end=\"732\">&nbsp;<\/p>\r\n<p data-start=\"561\" data-end=\"732\">&nbsp;<\/p>\r\n<p data-start=\"561\" data-end=\"732\">F\u00fcr unsere geladenen G\u00e4ste hatten wir zudem ein kleines Jubil\u00e4umsgeschenk vorbereitet, <br>als Zeichen unserer Wertsch\u00e4tzung f\u00fcr ihre langj\u00e4hrige Verbundenheit mit dem Verein.<br>Nach dem Mittagessen ging es gemeinsam in das Heimatmuseum, <br>wo wir die Fotoausstellung \u201eMenschen &#8211; Orte &#8211; Erinnerungen\u201c er\u00f6ffneten.<\/p>\r\n<p>&nbsp;<\/p>\r\n<p>&nbsp;<\/p>\r\n<p>&nbsp;<\/p>\r\n<p><a href=\"http:\/\/www.heimatverein-wyhl.de\/wp-content\/uploads\/2026\/04\/IMG_0426.jpeg\"><img loading=\"lazy\" decoding=\"async\" class=\" wp-image-987 alignleft\" src=\"http:\/\/www.heimatverein-wyhl.de\/wp-content\/uploads\/2026\/04\/IMG_0426-200x300.jpeg\" alt=\"\" width=\"179\" height=\"269\" srcset=\"https:\/\/www.heimatverein-wyhl.de\/wp-content\/uploads\/2026\/04\/IMG_0426-200x300.jpeg 200w, https:\/\/www.heimatverein-wyhl.de\/wp-content\/uploads\/2026\/04\/IMG_0426-683x1024.jpeg 683w, https:\/\/www.heimatverein-wyhl.de\/wp-content\/uploads\/2026\/04\/IMG_0426-768x1152.jpeg 768w, https:\/\/www.heimatverein-wyhl.de\/wp-content\/uploads\/2026\/04\/IMG_0426-1024x1536.jpeg 1024w, https:\/\/www.heimatverein-wyhl.de\/wp-content\/uploads\/2026\/04\/IMG_0426-1366x2048.jpeg 1366w, https:\/\/www.heimatverein-wyhl.de\/wp-content\/uploads\/2026\/04\/IMG_0426.jpeg 1634w\" sizes=\"auto, (max-width: 179px) 100vw, 179px\" \/><\/a><a href=\"http:\/\/www.heimatverein-wyhl.de\/wp-content\/uploads\/2026\/04\/IMG_0425-scaled.jpeg\"><img loading=\"lazy\" decoding=\"async\" class=\"wp-image-986 alignleft\" src=\"http:\/\/www.heimatverein-wyhl.de\/wp-content\/uploads\/2026\/04\/IMG_0425-200x300.jpeg\" alt=\"\" width=\"181\" height=\"272\" srcset=\"https:\/\/www.heimatverein-wyhl.de\/wp-content\/uploads\/2026\/04\/IMG_0425-200x300.jpeg 200w, https:\/\/www.heimatverein-wyhl.de\/wp-content\/uploads\/2026\/04\/IMG_0425-683x1024.jpeg 683w, https:\/\/www.heimatverein-wyhl.de\/wp-content\/uploads\/2026\/04\/IMG_0425-768x1152.jpeg 768w, https:\/\/www.heimatverein-wyhl.de\/wp-content\/uploads\/2026\/04\/IMG_0425-1024x1536.jpeg 1024w, https:\/\/www.heimatverein-wyhl.de\/wp-content\/uploads\/2026\/04\/IMG_0425-1365x2048.jpeg 1365w, https:\/\/www.heimatverein-wyhl.de\/wp-content\/uploads\/2026\/04\/IMG_0425-scaled.jpeg 1707w\" sizes=\"auto, (max-width: 181px) 100vw, 181px\" \/><\/a><a href=\"http:\/\/www.heimatverein-wyhl.de\/wp-content\/uploads\/2026\/04\/IMG_0420-scaled.jpeg\"><img loading=\"lazy\" decoding=\"async\" class=\" wp-image-985 alignleft\" src=\"http:\/\/www.heimatverein-wyhl.de\/wp-content\/uploads\/2026\/04\/IMG_0420-200x300.jpeg\" alt=\"\" width=\"181\" height=\"272\" srcset=\"https:\/\/www.heimatverein-wyhl.de\/wp-content\/uploads\/2026\/04\/IMG_0420-200x300.jpeg 200w, https:\/\/www.heimatverein-wyhl.de\/wp-content\/uploads\/2026\/04\/IMG_0420-683x1024.jpeg 683w, https:\/\/www.heimatverein-wyhl.de\/wp-content\/uploads\/2026\/04\/IMG_0420-768x1152.jpeg 768w, https:\/\/www.heimatverein-wyhl.de\/wp-content\/uploads\/2026\/04\/IMG_0420-1024x1536.jpeg 1024w, https:\/\/www.heimatverein-wyhl.de\/wp-content\/uploads\/2026\/04\/IMG_0420-1365x2048.jpeg 1365w, https:\/\/www.heimatverein-wyhl.de\/wp-content\/uploads\/2026\/04\/IMG_0420-scaled.jpeg 1706w\" sizes=\"auto, (max-width: 181px) 100vw, 181px\" \/><\/a><\/p>\r\n<p><a href=\"http:\/\/www.heimatverein-wyhl.de\/wp-content\/uploads\/2026\/04\/IMG_0424-scaled.jpeg\"><img loading=\"lazy\" decoding=\"async\" class=\" wp-image-984 alignleft\" src=\"http:\/\/www.heimatverein-wyhl.de\/wp-content\/uploads\/2026\/04\/IMG_0424-200x300.jpeg\" alt=\"\" width=\"179\" height=\"269\" srcset=\"https:\/\/www.heimatverein-wyhl.de\/wp-content\/uploads\/2026\/04\/IMG_0424-200x300.jpeg 200w, https:\/\/www.heimatverein-wyhl.de\/wp-content\/uploads\/2026\/04\/IMG_0424-683x1024.jpeg 683w, https:\/\/www.heimatverein-wyhl.de\/wp-content\/uploads\/2026\/04\/IMG_0424-768x1152.jpeg 768w, https:\/\/www.heimatverein-wyhl.de\/wp-content\/uploads\/2026\/04\/IMG_0424-1024x1536.jpeg 1024w, https:\/\/www.heimatverein-wyhl.de\/wp-content\/uploads\/2026\/04\/IMG_0424-1365x2048.jpeg 1365w, https:\/\/www.heimatverein-wyhl.de\/wp-content\/uploads\/2026\/04\/IMG_0424-scaled.jpeg 1706w\" sizes=\"auto, (max-width: 179px) 100vw, 179px\" \/><\/a><a href=\"http:\/\/www.heimatverein-wyhl.de\/wp-content\/uploads\/2026\/04\/IMG_0427-scaled.jpeg\"><img loading=\"lazy\" decoding=\"async\" class=\"wp-image-988 alignleft\" src=\"http:\/\/www.heimatverein-wyhl.de\/wp-content\/uploads\/2026\/04\/IMG_0427-200x300.jpeg\" alt=\"\" width=\"179\" height=\"269\" srcset=\"https:\/\/www.heimatverein-wyhl.de\/wp-content\/uploads\/2026\/04\/IMG_0427-200x300.jpeg 200w, https:\/\/www.heimatverein-wyhl.de\/wp-content\/uploads\/2026\/04\/IMG_0427-683x1024.jpeg 683w, https:\/\/www.heimatverein-wyhl.de\/wp-content\/uploads\/2026\/04\/IMG_0427-768x1152.jpeg 768w, https:\/\/www.heimatverein-wyhl.de\/wp-content\/uploads\/2026\/04\/IMG_0427-1024x1536.jpeg 1024w, https:\/\/www.heimatverein-wyhl.de\/wp-content\/uploads\/2026\/04\/IMG_0427-1366x2048.jpeg 1366w, https:\/\/www.heimatverein-wyhl.de\/wp-content\/uploads\/2026\/04\/IMG_0427-scaled.jpeg 1707w\" sizes=\"auto, (max-width: 179px) 100vw, 179px\" \/><\/a><\/p>\r\n<p>&nbsp;<\/p>\r\n<p>&nbsp;<\/p>\r\n<p>&nbsp;<\/p>\r\n<p>&nbsp;<\/p>\r\n<p>&nbsp;<\/p>\r\n<p>&nbsp;<\/p>\r\n<p>&nbsp;<\/p>\r\n<p>&nbsp;<\/p>\r\n<p data-start=\"734\" data-end=\"945\">&nbsp;<\/p>\r\n<p data-start=\"734\" data-end=\"945\">Ab 15 Uhr war das Heimatmuseum dann f\u00fcr alle Interessierten ge\u00f6ffnet. <br>Wir sind sehr gl\u00fccklich \u00fcber die zahlreichen Besucherinnen und Besucher, <br>die bereits an diesem Sonntag unsere Ausstellung besucht haben. <br>Hier findet ihr den Bericht der Badischen Zeitung \u00fcber unser Jubil\u00e4um und die Ausstellung.<\/p>\r\n<p data-start=\"734\" data-end=\"945\">&nbsp;<\/p>\r\n<p style=\"text-align: center;\"><a href=\"http:\/\/www.heimatverein-wyhl.de\/wp-content\/uploads\/2026\/04\/badische_zeitung_2026-04-23_528451989-1.pdf\">badische_zeitung_2026-04-23_528451989<\/a><\/p>\r\n<p>&nbsp;<\/p>\r\n<hr>\r\n<p>&nbsp;<\/p>\r\n<div class=\"wp-block-group\">\r\n<div>\r\n<h3><b>Wyhler Postkarten &#8211; Dauerau<\/b><b>sstellung<\/b><\/h3>\r\n<p><a href=\"http:\/\/www.heimatverein-wyhl.de\/wp-content\/uploads\/2026\/01\/Postkarten-1-scaled.jpg\" target=\"_blank\" rel=\"noopener\"><img loading=\"lazy\" decoding=\"async\" class=\"alignright wp-image-814 \" src=\"http:\/\/www.heimatverein-wyhl.de\/wp-content\/uploads\/2026\/01\/Postkarten-1-191x300.jpg\" alt=\"Postkarten Ausstellung\" width=\"192\" height=\"302\" srcset=\"https:\/\/www.heimatverein-wyhl.de\/wp-content\/uploads\/2026\/01\/Postkarten-1-191x300.jpg 191w, https:\/\/www.heimatverein-wyhl.de\/wp-content\/uploads\/2026\/01\/Postkarten-1-652x1024.jpg 652w, https:\/\/www.heimatverein-wyhl.de\/wp-content\/uploads\/2026\/01\/Postkarten-1-768x1207.jpg 768w, https:\/\/www.heimatverein-wyhl.de\/wp-content\/uploads\/2026\/01\/Postkarten-1-977x1536.jpg 977w, https:\/\/www.heimatverein-wyhl.de\/wp-content\/uploads\/2026\/01\/Postkarten-1-1303x2048.jpg 1303w, https:\/\/www.heimatverein-wyhl.de\/wp-content\/uploads\/2026\/01\/Postkarten-1-scaled.jpg 1629w\" sizes=\"auto, (max-width: 192px) 100vw, 192px\" \/><\/a>Wir zeigen gemeinsam mit der Gemeinde eine gro\u00dfe Sammlung historischer Postkarten aus Wyhl. Die Ausstellung zeigt den Werdegang der Postkarte als besonderes Medium der Kommunikation aus unserem Dorf heraus.<br>Ihre Fotografien dokumentieren die Ver\u00e4nderungen aber auch die Best\u00e4ndigkeit des Ortsbildes \u00fcber einen Zeitraum von mehr als 130 Jahren. Die Ausstellung kann das ganze Jahr 2026 besichtigt werden.<br>Der Besuch ist immer zu den \u00d6ffnungszeiten der Gemeindeverwaltung oder des Heimatmuseums&nbsp;<strong>kostenlos<\/strong>&nbsp;m\u00f6glich.<br>Die&nbsp;<strong>Er\u00f6ffnung der Ausstellung findet am Sonntag, 11.01.2026 um 14:00 Uhr im B\u00fcrgersaal<\/strong>&nbsp;statt.<br>Die Bev\u00f6lkerung ist herzlich eingeladen.<br><img loading=\"lazy\" decoding=\"async\" class=\"alignright wp-image-828 size-medium\" src=\"http:\/\/www.heimatverein-wyhl.de\/wp-content\/uploads\/2026\/01\/WhatsApp-Image-2026-01-12-at-12.46.52-1-300x168.jpeg\" alt=\"\" width=\"300\" height=\"168\" srcset=\"https:\/\/www.heimatverein-wyhl.de\/wp-content\/uploads\/2026\/01\/WhatsApp-Image-2026-01-12-at-12.46.52-1-300x168.jpeg 300w, https:\/\/www.heimatverein-wyhl.de\/wp-content\/uploads\/2026\/01\/WhatsApp-Image-2026-01-12-at-12.46.52-1-1024x574.jpeg 1024w, https:\/\/www.heimatverein-wyhl.de\/wp-content\/uploads\/2026\/01\/WhatsApp-Image-2026-01-12-at-12.46.52-1-768x431.jpeg 768w, https:\/\/www.heimatverein-wyhl.de\/wp-content\/uploads\/2026\/01\/WhatsApp-Image-2026-01-12-at-12.46.52-1-1536x861.jpeg 1536w, https:\/\/www.heimatverein-wyhl.de\/wp-content\/uploads\/2026\/01\/WhatsApp-Image-2026-01-12-at-12.46.52-1.jpeg 2048w\" sizes=\"auto, (max-width: 300px) 100vw, 300px\" \/>Infoflyer zum Download &#8211; hier klicken: <a href=\"http:\/\/www.heimatverein-wyhl.de\/wp-content\/uploads\/2026\/01\/Flyer-Postkarten-Wyhl.pdf\">Flyer Postkarten Wyhl<\/a><\/p>\r\n<\/div>\r\n<\/div>\r\n<p>&nbsp;<\/p>\r\n<div class=\"wp-block-group\">\r\n<p>Start der Veranstaltung war ein&nbsp; voller Erfolg<br>Rund 150 Besucher konnten begr\u00fc\u00dft werden.<\/p>\r\n<p>F\u00fchrungen durch die Ausstellung k\u00f6nnen gerne \u00fcber das ganze Jahr angefragt werden.<\/p>\r\n<\/div>\r\n<p>&nbsp;<\/p>\r\n<p>&nbsp;<\/p>\r\n<p class=\"has-cyan-bluish-gray-background-color has-background\">&nbsp;<\/p>\r\n<!-- \/wp:post-content -->","protected":false},"excerpt":{"rendered":"<p>Termine \/ aktuelles: Heimatmuseum \u2013 ge\u00e4nderte \u00d6ffnungszeiten im Mai Am ersten Sonntag im Mai bleibt das Heimatmuseum geschlossen. Wir sind dabei!An beiden Festtagen hat das Heimatmuseum von 11:00 bis 18:00 Uhr ge\u00f6ffnet.Freut euch auf die Fotoausstellung \u201eMenschen \u2013 Orte \u2013<\/p>\n","protected":false},"author":1,"featured_media":0,"parent":0,"menu_order":0,"comment_status":"closed","ping_status":"closed","template":"","meta":{"ngg_post_thumbnail":0,"footnotes":""},"class_list":["post-22","page","type-page","status-publish","hentry"],"yoast_head":"<!-- This site is optimized with the Yoast SEO plugin v27.5 - https:\/\/yoast.com\/product\/yoast-seo-wordpress\/ -->\n<title>Aktuelles - Heimatverein Wyhl e.V.<\/title>\n<meta name=\"robots\" content=\"index, follow, max-snippet:-1, max-image-preview:large, max-video-preview:-1\" \/>\n<link rel=\"canonical\" href=\"https:\/\/www.heimatverein-wyhl.de\/?page_id=22\" \/>\n<meta property=\"og:locale\" content=\"de_DE\" \/>\n<meta property=\"og:type\" content=\"article\" \/>\n<meta property=\"og:title\" content=\"Aktuelles - Heimatverein Wyhl e.V.\" \/>\n<meta property=\"og:description\" content=\"Termine \/ aktuelles: Heimatmuseum \u2013 ge\u00e4nderte \u00d6ffnungszeiten im Mai Am ersten Sonntag im Mai bleibt das Heimatmuseum geschlossen. Wir sind dabei!An beiden Festtagen hat das Heimatmuseum von 11:00 bis 18:00 Uhr ge\u00f6ffnet.Freut euch auf die Fotoausstellung \u201eMenschen \u2013 Orte \u2013\" \/>\n<meta property=\"og:url\" content=\"https:\/\/www.heimatverein-wyhl.de\/?page_id=22\" \/>\n<meta property=\"og:site_name\" content=\"Heimatverein Wyhl e.V.\" \/>\n<meta property=\"article:modified_time\" content=\"2026-04-28T05:56:02+00:00\" \/>\n<meta property=\"og:image\" content=\"https:\/\/www.heimatverein-wyhl.de\/wp-content\/uploads\/2026\/04\/JubiApril2026-scaled.jpg\" \/>\n\t<meta property=\"og:image:width\" content=\"1440\" \/>\n\t<meta property=\"og:image:height\" content=\"2560\" \/>\n\t<meta property=\"og:image:type\" content=\"image\/jpeg\" \/>\n<meta name=\"twitter:card\" content=\"summary_large_image\" \/>\n<meta name=\"twitter:label1\" content=\"Gesch\u00e4tzte Lesezeit\" \/>\n\t<meta name=\"twitter:data1\" content=\"6\u00a0Minuten\" \/>\n<script type=\"application\/ld+json\" class=\"yoast-schema-graph\">{\"@context\":\"https:\\\/\\\/schema.org\",\"@graph\":[{\"@type\":\"WebPage\",\"@id\":\"https:\\\/\\\/www.heimatverein-wyhl.de\\\/?page_id=22\",\"url\":\"https:\\\/\\\/www.heimatverein-wyhl.de\\\/?page_id=22\",\"name\":\"Aktuelles - Heimatverein Wyhl e.V.\",\"isPartOf\":{\"@id\":\"https:\\\/\\\/www.heimatverein-wyhl.de\\\/#website\"},\"primaryImageOfPage\":{\"@id\":\"https:\\\/\\\/www.heimatverein-wyhl.de\\\/?page_id=22#primaryimage\"},\"image\":{\"@id\":\"https:\\\/\\\/www.heimatverein-wyhl.de\\\/?page_id=22#primaryimage\"},\"thumbnailUrl\":\"http:\\\/\\\/www.heimatverein-wyhl.de\\\/wp-content\\\/uploads\\\/2026\\\/04\\\/JubiApril2026-169x300.jpg\",\"datePublished\":\"2019-06-11T19:15:46+00:00\",\"dateModified\":\"2026-04-28T05:56:02+00:00\",\"breadcrumb\":{\"@id\":\"https:\\\/\\\/www.heimatverein-wyhl.de\\\/?page_id=22#breadcrumb\"},\"inLanguage\":\"de\",\"potentialAction\":[{\"@type\":\"ReadAction\",\"target\":[\"https:\\\/\\\/www.heimatverein-wyhl.de\\\/?page_id=22\"]}]},{\"@type\":\"ImageObject\",\"inLanguage\":\"de\",\"@id\":\"https:\\\/\\\/www.heimatverein-wyhl.de\\\/?page_id=22#primaryimage\",\"url\":\"https:\\\/\\\/www.heimatverein-wyhl.de\\\/wp-content\\\/uploads\\\/2026\\\/04\\\/JubiApril2026-scaled.jpg\",\"contentUrl\":\"https:\\\/\\\/www.heimatverein-wyhl.de\\\/wp-content\\\/uploads\\\/2026\\\/04\\\/JubiApril2026-scaled.jpg\",\"width\":1440,\"height\":2560},{\"@type\":\"BreadcrumbList\",\"@id\":\"https:\\\/\\\/www.heimatverein-wyhl.de\\\/?page_id=22#breadcrumb\",\"itemListElement\":[{\"@type\":\"ListItem\",\"position\":1,\"name\":\"Startseite\",\"item\":\"https:\\\/\\\/www.heimatverein-wyhl.de\\\/\"},{\"@type\":\"ListItem\",\"position\":2,\"name\":\"Aktuelles\"}]},{\"@type\":\"WebSite\",\"@id\":\"https:\\\/\\\/www.heimatverein-wyhl.de\\\/#website\",\"url\":\"https:\\\/\\\/www.heimatverein-wyhl.de\\\/\",\"name\":\"Heimatverein Wyhl e.V.\",\"description\":\"Herzlich Willkommen beim Heimatverein Wyhl e.V.\",\"potentialAction\":[{\"@type\":\"SearchAction\",\"target\":{\"@type\":\"EntryPoint\",\"urlTemplate\":\"https:\\\/\\\/www.heimatverein-wyhl.de\\\/?s={search_term_string}\"},\"query-input\":{\"@type\":\"PropertyValueSpecification\",\"valueRequired\":true,\"valueName\":\"search_term_string\"}}],\"inLanguage\":\"de\"}]}<\/script>\n<!-- \/ Yoast SEO plugin. -->","yoast_head_json":{"title":"Aktuelles - Heimatverein Wyhl e.V.","robots":{"index":"index","follow":"follow","max-snippet":"max-snippet:-1","max-image-preview":"max-image-preview:large","max-video-preview":"max-video-preview:-1"},"canonical":"https:\/\/www.heimatverein-wyhl.de\/?page_id=22","og_locale":"de_DE","og_type":"article","og_title":"Aktuelles - Heimatverein Wyhl e.V.","og_description":"Termine \/ aktuelles: Heimatmuseum \u2013 ge\u00e4nderte \u00d6ffnungszeiten im Mai Am ersten Sonntag im Mai bleibt das Heimatmuseum geschlossen. Wir sind dabei!An beiden Festtagen hat das Heimatmuseum von 11:00 bis 18:00 Uhr ge\u00f6ffnet.Freut euch auf die Fotoausstellung \u201eMenschen \u2013 Orte \u2013","og_url":"https:\/\/www.heimatverein-wyhl.de\/?page_id=22","og_site_name":"Heimatverein Wyhl e.V.","article_modified_time":"2026-04-28T05:56:02+00:00","og_image":[{"width":1440,"height":2560,"url":"https:\/\/www.heimatverein-wyhl.de\/wp-content\/uploads\/2026\/04\/JubiApril2026-scaled.jpg","type":"image\/jpeg"}],"twitter_card":"summary_large_image","twitter_misc":{"Gesch\u00e4tzte Lesezeit":"6\u00a0Minuten"},"schema":{"@context":"https:\/\/schema.org","@graph":[{"@type":"WebPage","@id":"https:\/\/www.heimatverein-wyhl.de\/?page_id=22","url":"https:\/\/www.heimatverein-wyhl.de\/?page_id=22","name":"Aktuelles - Heimatverein Wyhl e.V.","isPartOf":{"@id":"https:\/\/www.heimatverein-wyhl.de\/#website"},"primaryImageOfPage":{"@id":"https:\/\/www.heimatverein-wyhl.de\/?page_id=22#primaryimage"},"image":{"@id":"https:\/\/www.heimatverein-wyhl.de\/?page_id=22#primaryimage"},"thumbnailUrl":"http:\/\/www.heimatverein-wyhl.de\/wp-content\/uploads\/2026\/04\/JubiApril2026-169x300.jpg","datePublished":"2019-06-11T19:15:46+00:00","dateModified":"2026-04-28T05:56:02+00:00","breadcrumb":{"@id":"https:\/\/www.heimatverein-wyhl.de\/?page_id=22#breadcrumb"},"inLanguage":"de","potentialAction":[{"@type":"ReadAction","target":["https:\/\/www.heimatverein-wyhl.de\/?page_id=22"]}]},{"@type":"ImageObject","inLanguage":"de","@id":"https:\/\/www.heimatverein-wyhl.de\/?page_id=22#primaryimage","url":"https:\/\/www.heimatverein-wyhl.de\/wp-content\/uploads\/2026\/04\/JubiApril2026-scaled.jpg","contentUrl":"https:\/\/www.heimatverein-wyhl.de\/wp-content\/uploads\/2026\/04\/JubiApril2026-scaled.jpg","width":1440,"height":2560},{"@type":"BreadcrumbList","@id":"https:\/\/www.heimatverein-wyhl.de\/?page_id=22#breadcrumb","itemListElement":[{"@type":"ListItem","position":1,"name":"Startseite","item":"https:\/\/www.heimatverein-wyhl.de\/"},{"@type":"ListItem","position":2,"name":"Aktuelles"}]},{"@type":"WebSite","@id":"https:\/\/www.heimatverein-wyhl.de\/#website","url":"https:\/\/www.heimatverein-wyhl.de\/","name":"Heimatverein Wyhl e.V.","description":"Herzlich Willkommen beim Heimatverein Wyhl e.V.","potentialAction":[{"@type":"SearchAction","target":{"@type":"EntryPoint","urlTemplate":"https:\/\/www.heimatverein-wyhl.de\/?s={search_term_string}"},"query-input":{"@type":"PropertyValueSpecification","valueRequired":true,"valueName":"search_term_string"}}],"inLanguage":"de"}]}},"_links":{"self":[{"href":"https:\/\/www.heimatverein-wyhl.de\/index.php?rest_route=\/wp\/v2\/pages\/22","targetHints":{"allow":["GET"]}}],"collection":[{"href":"https:\/\/www.heimatverein-wyhl.de\/index.php?rest_route=\/wp\/v2\/pages"}],"about":[{"href":"https:\/\/www.heimatverein-wyhl.de\/index.php?rest_route=\/wp\/v2\/types\/page"}],"author":[{"embeddable":true,"href":"https:\/\/www.heimatverein-wyhl.de\/index.php?rest_route=\/wp\/v2\/users\/1"}],"replies":[{"embeddable":true,"href":"https:\/\/www.heimatverein-wyhl.de\/index.php?rest_route=%2Fwp%2Fv2%2Fcomments&post=22"}],"version-history":[{"count":130,"href":"https:\/\/www.heimatverein-wyhl.de\/index.php?rest_route=\/wp\/v2\/pages\/22\/revisions"}],"predecessor-version":[{"id":1029,"href":"https:\/\/www.heimatverein-wyhl.de\/index.php?rest_route=\/wp\/v2\/pages\/22\/revisions\/1029"}],"wp:attachment":[{"href":"https:\/\/www.heimatverein-wyhl.de\/index.php?rest_route=%2Fwp%2Fv2%2Fmedia&parent=22"}],"curies":[{"name":"wp","href":"https:\/\/api.w.org\/{rel}","templated":true}]}}