{"id":472,"date":"2021-01-07T19:47:14","date_gmt":"2021-01-07T19:47:14","guid":{"rendered":"http:\/\/www.heimatverein-wyhl.de\/?page_id=472"},"modified":"2024-11-19T15:50:48","modified_gmt":"2024-11-19T15:50:48","slug":"ueber-uns-die-geschichte","status":"publish","type":"page","link":"https:\/\/www.heimatverein-wyhl.de\/?page_id=472","title":{"rendered":"\u00dcber uns &#8211; die Geschichte"},"content":{"rendered":"\r\n<h2 class=\"wp-block-heading\">Die Geschichte des Heimatmuseums<\/h2>\r\n\r\n\r\n\r\n<p>Der Heimatverein Wyhl entstand 1986 unter der Federf\u00fchrung von Herrn B\u00fcrgermeister Wolfgang Zimmer.<\/p>\r\n\r\n\r\n\r\n<p>Die Initiatoren erkannten, dass sich der Wandel zur Moderne sehr schnell und radikal vollzog. Altbew\u00e4hrtes verschwand, Lebensgewohnheiten, in Beruf und Familie, ver\u00e4nderten sich. Jahrhunderte alte b\u00e4uerliche Strukturen, Nebenerwerbslandwirtschaft, kleine Handwerksbetriebe und die Tabakindustrie verschwanden. Dadurch ver\u00e4nderten sich nicht nur das Ortsbild in seiner Bebauung, sondern auch die sozialen und gesellschaftlichen Werte. Den Gr\u00fcndungsmitgliedern lag daher die Erhaltung der Lebensweise der vergangenen Jahren am Herzen.<\/p>\r\n\r\n\r\n\r\n<h2 class=\"wp-block-heading\">Das Museum<\/h2>\r\n\r\n\r\n\r\n<p>In den 1990-er Jahren wollte man die Gegenst\u00e4nde aus dem Leben und Alltag von fr\u00fcher sammeln und pr\u00e4sentieren. Der Verein durfte im Dachgescho\u00df des Rathauses ein Heimatmuseum einrichten. Schnell waren Themenbereiche zur Wyhler Geschichte und zu den Lebensverh\u00e4ltnissen von fr\u00fcher gefunden und ausgestellt. Exponate aus Landwirtschaft und Handwerk oder z.B.ein altes Schulzimmer. Auch das Thema Rhein und Fischfang, die Zeiten der Auswanderung sowie ein Bereich Tabakindustrie und Kolonialwarenladen sind ausgestellt. Nicht nur gegenst\u00e4ndliches wird gezeigt, auch Erkl\u00e4rungen und Erl\u00e4uterungen zur Wyhler Geschichte sind vorhanden. Z.B. die Geschichte vom Wyhler Wappen oder die Zeitleiste der wichtigsten Ereignisse im Dorf \u00fcber die Jahrhunderte. Unser Museum hat regelm\u00e4\u00dfig ge\u00f6ffnet.<\/p>\r\n\r\n\r\n\r\n<h2 class=\"wp-block-heading\">Aktivit\u00e4ten<\/h2>\r\n\r\n\r\n\r\n<p>Der Heimatverein stellt sich in seiner Satzung, die Aufgabe, den Erhalt von Tradition und Brauchtum. In der \u00fcber drei\u00dfigj\u00e4hrigen Geschichte hat sich der Heimatverein mit vielf\u00e4ltigen Themen auch au\u00dferhalb des Museums besch\u00e4ftigt. So gab es Feste und Hocks mit Themen wie zB Landwirtschaft, Oldtimer, Handwerk, Kleindenkmale usw. Vorlesungen und Buchpr\u00e4sentationen rund um die Wyhler Geschichte aber auch Fotoausstellungen und das Erstellen von Brosch\u00fcren waren in den letzen Jahren im Aufgabenbereich des Heimatvereins. Die Grundsch\u00fcler aus Wyhl aber auch andere Gruppen nehmen F\u00fchrungen im Museum oder zu den Wegkreuzen war. Im Moment besch\u00e4ftigt sich der Verein mit dem Beschildern und Bezeichnen Historischer Orte im Dorf.<\/p>\r\n<p>Seit einiger Zeit, verf\u00fcgen wir \u00fcber eine freie Stellfl\u00e4che. Unsere neue, flexible Ausstellungsfl\u00e4che steht Ihnen offen! Ob Verein, Firma oder Privatperson \u2013 gestalten Sie mit uns gemeinsam eine unvergessliche Ausstellung. Jubil\u00e4en, historische R\u00fcckblicke oder innovative Projekte finden hier ihren passenden Rahmen.<\/p>\r\n\r\n\r\n\r\n<h2 class=\"wp-block-heading\">&nbsp;<\/h2>\r\n","protected":false},"excerpt":{"rendered":"<p>Die Geschichte des Heimatmuseums Der Heimatverein Wyhl entstand 1986 unter der Federf\u00fchrung von Herrn B\u00fcrgermeister Wolfgang Zimmer. Die Initiatoren erkannten, dass sich der Wandel zur Moderne sehr schnell und radikal vollzog. Altbew\u00e4hrtes verschwand, Lebensgewohnheiten, in Beruf und Familie, ver\u00e4nderten sich.<\/p>\n","protected":false},"author":1,"featured_media":0,"parent":13,"menu_order":0,"comment_status":"closed","ping_status":"closed","template":"","meta":{"ngg_post_thumbnail":0,"footnotes":""},"class_list":["post-472","page","type-page","status-publish","hentry"],"yoast_head":"<!-- This site is optimized with the Yoast SEO plugin v27.4 - https:\/\/yoast.com\/product\/yoast-seo-wordpress\/ -->\n<title>\u00dcber uns - die Geschichte - Heimatverein Wyhl e.V.<\/title>\n<meta name=\"robots\" content=\"index, follow, max-snippet:-1, max-image-preview:large, max-video-preview:-1\" \/>\n<link rel=\"canonical\" href=\"https:\/\/www.heimatverein-wyhl.de\/?page_id=472\" \/>\n<meta property=\"og:locale\" content=\"de_DE\" \/>\n<meta property=\"og:type\" content=\"article\" \/>\n<meta property=\"og:title\" content=\"\u00dcber uns - die Geschichte - Heimatverein Wyhl e.V.\" \/>\n<meta property=\"og:description\" content=\"Die Geschichte des Heimatmuseums Der Heimatverein Wyhl entstand 1986 unter der Federf\u00fchrung von Herrn B\u00fcrgermeister Wolfgang Zimmer. Die Initiatoren erkannten, dass sich der Wandel zur Moderne sehr schnell und radikal vollzog. Altbew\u00e4hrtes verschwand, Lebensgewohnheiten, in Beruf und Familie, ver\u00e4nderten sich.\" \/>\n<meta property=\"og:url\" content=\"https:\/\/www.heimatverein-wyhl.de\/?page_id=472\" \/>\n<meta property=\"og:site_name\" content=\"Heimatverein Wyhl e.V.\" \/>\n<meta property=\"article:modified_time\" content=\"2024-11-19T15:50:48+00:00\" \/>\n<meta name=\"twitter:card\" content=\"summary_large_image\" \/>\n<meta name=\"twitter:label1\" content=\"Gesch\u00e4tzte Lesezeit\" \/>\n\t<meta name=\"twitter:data1\" content=\"2\u00a0Minuten\" \/>\n<script type=\"application\/ld+json\" class=\"yoast-schema-graph\">{\"@context\":\"https:\\\/\\\/schema.org\",\"@graph\":[{\"@type\":\"WebPage\",\"@id\":\"https:\\\/\\\/www.heimatverein-wyhl.de\\\/?page_id=472\",\"url\":\"https:\\\/\\\/www.heimatverein-wyhl.de\\\/?page_id=472\",\"name\":\"\u00dcber uns - die Geschichte - Heimatverein Wyhl e.V.\",\"isPartOf\":{\"@id\":\"https:\\\/\\\/www.heimatverein-wyhl.de\\\/#website\"},\"datePublished\":\"2021-01-07T19:47:14+00:00\",\"dateModified\":\"2024-11-19T15:50:48+00:00\",\"breadcrumb\":{\"@id\":\"https:\\\/\\\/www.heimatverein-wyhl.de\\\/?page_id=472#breadcrumb\"},\"inLanguage\":\"de\",\"potentialAction\":[{\"@type\":\"ReadAction\",\"target\":[\"https:\\\/\\\/www.heimatverein-wyhl.de\\\/?page_id=472\"]}]},{\"@type\":\"BreadcrumbList\",\"@id\":\"https:\\\/\\\/www.heimatverein-wyhl.de\\\/?page_id=472#breadcrumb\",\"itemListElement\":[{\"@type\":\"ListItem\",\"position\":1,\"name\":\"Startseite\",\"item\":\"https:\\\/\\\/www.heimatverein-wyhl.de\\\/\"},{\"@type\":\"ListItem\",\"position\":2,\"name\":\"Daheim\",\"item\":\"https:\\\/\\\/www.heimatverein-wyhl.de\\\/\"},{\"@type\":\"ListItem\",\"position\":3,\"name\":\"\u00dcber uns &#8211; die Geschichte\"}]},{\"@type\":\"WebSite\",\"@id\":\"https:\\\/\\\/www.heimatverein-wyhl.de\\\/#website\",\"url\":\"https:\\\/\\\/www.heimatverein-wyhl.de\\\/\",\"name\":\"Heimatverein Wyhl e.V.\",\"description\":\"Herzlich Willkommen beim Heimatverein Wyhl e.V.\",\"potentialAction\":[{\"@type\":\"SearchAction\",\"target\":{\"@type\":\"EntryPoint\",\"urlTemplate\":\"https:\\\/\\\/www.heimatverein-wyhl.de\\\/?s={search_term_string}\"},\"query-input\":{\"@type\":\"PropertyValueSpecification\",\"valueRequired\":true,\"valueName\":\"search_term_string\"}}],\"inLanguage\":\"de\"}]}<\/script>\n<!-- \/ Yoast SEO plugin. -->","yoast_head_json":{"title":"\u00dcber uns - die Geschichte - Heimatverein Wyhl e.V.","robots":{"index":"index","follow":"follow","max-snippet":"max-snippet:-1","max-image-preview":"max-image-preview:large","max-video-preview":"max-video-preview:-1"},"canonical":"https:\/\/www.heimatverein-wyhl.de\/?page_id=472","og_locale":"de_DE","og_type":"article","og_title":"\u00dcber uns - die Geschichte - Heimatverein Wyhl e.V.","og_description":"Die Geschichte des Heimatmuseums Der Heimatverein Wyhl entstand 1986 unter der Federf\u00fchrung von Herrn B\u00fcrgermeister Wolfgang Zimmer. Die Initiatoren erkannten, dass sich der Wandel zur Moderne sehr schnell und radikal vollzog. Altbew\u00e4hrtes verschwand, Lebensgewohnheiten, in Beruf und Familie, ver\u00e4nderten sich.","og_url":"https:\/\/www.heimatverein-wyhl.de\/?page_id=472","og_site_name":"Heimatverein Wyhl e.V.","article_modified_time":"2024-11-19T15:50:48+00:00","twitter_card":"summary_large_image","twitter_misc":{"Gesch\u00e4tzte Lesezeit":"2\u00a0Minuten"},"schema":{"@context":"https:\/\/schema.org","@graph":[{"@type":"WebPage","@id":"https:\/\/www.heimatverein-wyhl.de\/?page_id=472","url":"https:\/\/www.heimatverein-wyhl.de\/?page_id=472","name":"\u00dcber uns - die Geschichte - Heimatverein Wyhl e.V.","isPartOf":{"@id":"https:\/\/www.heimatverein-wyhl.de\/#website"},"datePublished":"2021-01-07T19:47:14+00:00","dateModified":"2024-11-19T15:50:48+00:00","breadcrumb":{"@id":"https:\/\/www.heimatverein-wyhl.de\/?page_id=472#breadcrumb"},"inLanguage":"de","potentialAction":[{"@type":"ReadAction","target":["https:\/\/www.heimatverein-wyhl.de\/?page_id=472"]}]},{"@type":"BreadcrumbList","@id":"https:\/\/www.heimatverein-wyhl.de\/?page_id=472#breadcrumb","itemListElement":[{"@type":"ListItem","position":1,"name":"Startseite","item":"https:\/\/www.heimatverein-wyhl.de\/"},{"@type":"ListItem","position":2,"name":"Daheim","item":"https:\/\/www.heimatverein-wyhl.de\/"},{"@type":"ListItem","position":3,"name":"\u00dcber uns &#8211; die Geschichte"}]},{"@type":"WebSite","@id":"https:\/\/www.heimatverein-wyhl.de\/#website","url":"https:\/\/www.heimatverein-wyhl.de\/","name":"Heimatverein Wyhl e.V.","description":"Herzlich Willkommen beim Heimatverein Wyhl e.V.","potentialAction":[{"@type":"SearchAction","target":{"@type":"EntryPoint","urlTemplate":"https:\/\/www.heimatverein-wyhl.de\/?s={search_term_string}"},"query-input":{"@type":"PropertyValueSpecification","valueRequired":true,"valueName":"search_term_string"}}],"inLanguage":"de"}]}},"_links":{"self":[{"href":"https:\/\/www.heimatverein-wyhl.de\/index.php?rest_route=\/wp\/v2\/pages\/472","targetHints":{"allow":["GET"]}}],"collection":[{"href":"https:\/\/www.heimatverein-wyhl.de\/index.php?rest_route=\/wp\/v2\/pages"}],"about":[{"href":"https:\/\/www.heimatverein-wyhl.de\/index.php?rest_route=\/wp\/v2\/types\/page"}],"author":[{"embeddable":true,"href":"https:\/\/www.heimatverein-wyhl.de\/index.php?rest_route=\/wp\/v2\/users\/1"}],"replies":[{"embeddable":true,"href":"https:\/\/www.heimatverein-wyhl.de\/index.php?rest_route=%2Fwp%2Fv2%2Fcomments&post=472"}],"version-history":[{"count":4,"href":"https:\/\/www.heimatverein-wyhl.de\/index.php?rest_route=\/wp\/v2\/pages\/472\/revisions"}],"predecessor-version":[{"id":772,"href":"https:\/\/www.heimatverein-wyhl.de\/index.php?rest_route=\/wp\/v2\/pages\/472\/revisions\/772"}],"up":[{"embeddable":true,"href":"https:\/\/www.heimatverein-wyhl.de\/index.php?rest_route=\/wp\/v2\/pages\/13"}],"wp:attachment":[{"href":"https:\/\/www.heimatverein-wyhl.de\/index.php?rest_route=%2Fwp%2Fv2%2Fmedia&parent=472"}],"curies":[{"name":"wp","href":"https:\/\/api.w.org\/{rel}","templated":true}]}}